{"id":48364,"date":"2026-09-02T17:40:09","date_gmt":"2026-09-02T15:40:09","guid":{"rendered":"https:\/\/www.arteaporte.com\/?post_type=avada_portfolio&#038;p=48364"},"modified":"2026-09-02T17:48:08","modified_gmt":"2026-09-02T15:48:08","slug":"narrazioni-tessili","status":"publish","type":"avada_portfolio","link":"https:\/\/www.arteaporte.com\/en\/artist\/narrazioni-tessili\/","title":{"rendered":"Narrazioni Tessili"},"content":{"rendered":"<p><div class=\"fusion-fullwidth fullwidth-box fusion-builder-row-1 fusion-flex-container nonhundred-percent-fullwidth non-hundred-percent-height-scrolling\" style=\"--awb-border-radius-top-left:0px;--awb-border-radius-top-right:0px;--awb-border-radius-bottom-right:0px;--awb-border-radius-bottom-left:0px;--awb-flex-wrap:wrap;\" ><div class=\"fusion-builder-row fusion-row fusion-flex-align-items-stretch fusion-flex-content-wrap\" style=\"max-width:96.72vw;margin-left: calc(-4% \/ 2 );margin-right: calc(-4% \/ 2 );\"><div class=\"fusion-layout-column fusion_builder_column fusion-builder-column-0 fusion_builder_column_1_2 1_2 fusion-flex-column\" style=\"--awb-bg-size:cover;--awb-width-large:50%;--awb-margin-top-large:0px;--awb-spacing-right-large:3.84%;--awb-margin-bottom-large:20px;--awb-spacing-left-large:3.84%;--awb-width-medium:50%;--awb-order-medium:0;--awb-spacing-right-medium:3.84%;--awb-spacing-left-medium:3.84%;--awb-width-small:100%;--awb-order-small:0;--awb-spacing-right-small:1.92%;--awb-spacing-left-small:1.92%;\"><div class=\"fusion-column-wrapper fusion-column-has-shadow fusion-flex-justify-content-flex-start fusion-content-layout-column\"><div class=\"fusion-image-element\" style=\"--awb-caption-title-font-family:var(--h2_typography-font-family);--awb-caption-title-font-weight:var(--h2_typography-font-weight);--awb-caption-title-font-style:var(--h2_typography-font-style);--awb-caption-title-size:var(--h2_typography-font-size);--awb-caption-title-transform:var(--h2_typography-text-transform);--awb-caption-title-line-height:var(--h2_typography-line-height);--awb-caption-title-letter-spacing:var(--h2_typography-letter-spacing);\"><span class=\"fusion-imageframe imageframe-none imageframe-1 hover-type-none noclick\"><img decoding=\"async\" width=\"800\" height=\"800\" title=\"collettivo\" src=\"https:\/\/www.arteaporte.com\/wp-content\/uploads\/2026\/09\/collettivo.jpg\" data-orig-src=\"https:\/\/www.arteaporte.com\/wp-content\/uploads\/2026\/09\/collettivo.jpg\" alt class=\"lazyload img-responsive wp-image-48365\" srcset=\"data:image\/svg+xml,%3Csvg%20xmlns%3D%27http%3A%2F%2Fwww.w3.org%2F2000%2Fsvg%27%20width%3D%27800%27%20height%3D%27800%27%20viewBox%3D%270%200%20800%20800%27%3E%3Crect%20width%3D%27800%27%20height%3D%27800%27%20fill-opacity%3D%220%22%2F%3E%3C%2Fsvg%3E\" data-srcset=\"https:\/\/www.arteaporte.com\/wp-content\/uploads\/2026\/09\/collettivo-200x200.jpg 200w, https:\/\/www.arteaporte.com\/wp-content\/uploads\/2026\/09\/collettivo-400x400.jpg 400w, https:\/\/www.arteaporte.com\/wp-content\/uploads\/2026\/09\/collettivo-600x600.jpg 600w, https:\/\/www.arteaporte.com\/wp-content\/uploads\/2026\/09\/collettivo.jpg 800w\" data-sizes=\"auto\" data-orig-sizes=\"(max-width: 640px) 100vw, 800px\" \/><\/span><\/div><\/div><\/div><div class=\"fusion-layout-column fusion_builder_column fusion-builder-column-1 fusion_builder_column_1_2 1_2 fusion-flex-column\" style=\"--awb-bg-size:cover;--awb-width-large:50%;--awb-margin-top-large:0px;--awb-spacing-right-large:3.84%;--awb-margin-bottom-large:20px;--awb-spacing-left-large:3.84%;--awb-width-medium:50%;--awb-order-medium:0;--awb-spacing-right-medium:3.84%;--awb-spacing-left-medium:3.84%;--awb-width-small:100%;--awb-order-small:0;--awb-spacing-right-small:1.92%;--awb-spacing-left-small:1.92%;\"><div class=\"fusion-column-wrapper fusion-column-has-shadow fusion-flex-justify-content-flex-start fusion-content-layout-column\"><div class=\"fusion-title title fusion-title-1 fusion-sep-none fusion-title-text fusion-title-size-two\" style=\"--awb-margin-top-small:10px;--awb-margin-right-small:0px;--awb-margin-bottom-small:10px;--awb-margin-left-small:0px;\"><h2 class=\"fusion-title-heading title-heading-left fusion-responsive-typography-calculated\" style=\"margin:0;--fontSize:42;line-height:1;\">Narrazioni Tessili<\/h2><\/div><div class=\"fusion-separator fusion-full-width-sep\" style=\"align-self: center;margin-left: auto;margin-right: auto;margin-top:1%;width:100%;\"><\/div><div class=\"fusion-title title fusion-title-2 fusion-sep-none fusion-title-text fusion-title-size-six\" style=\"--awb-margin-top-small:10px;--awb-margin-right-small:0px;--awb-margin-bottom-small:10px;--awb-margin-left-small:0px;\"><h6 class=\"fusion-title-heading title-heading-left fusion-responsive-typography-calculated\" style=\"margin:0;--fontSize:20;--minFontSize:20;line-height:1.5;\">Collettivo Artistico<\/h6><\/div><div class=\"fusion-title title fusion-title-3 fusion-sep-none fusion-title-text fusion-title-size-six\" style=\"--awb-margin-top-small:10px;--awb-margin-right-small:0px;--awb-margin-bottom-small:10px;--awb-margin-left-small:0px;\"><h6 class=\"fusion-title-heading title-heading-left fusion-responsive-typography-calculated\" style=\"margin:0;--fontSize:20;--minFontSize:20;line-height:1.5;\">Napoli, Italy <i class=\"fas fa-map-marker-alt\"><\/i><\/h6><\/div><div class=\"fusion-separator fusion-full-width-sep\" style=\"align-self: center;margin-left: auto;margin-right: auto;margin-top:2%;width:100%;\"><\/div><div class=\"fusion-title title fusion-title-4 fusion-sep-none fusion-title-text fusion-title-size-six\" style=\"--awb-text-color:#000000;--awb-margin-top-small:10px;--awb-margin-right-small:0px;--awb-margin-bottom-small:10px;--awb-margin-left-small:0px;--awb-font-size:18px;\"><h6 class=\"fusion-title-heading title-heading-left fusion-responsive-typography-calculated\" style=\"font-family:&quot;Lato&quot;;font-style:normal;font-weight:400;margin:0;font-size:1em;--fontSize:18;--minFontSize:18;line-height:1.5;\">Biografia<\/h6><\/div><div class=\"fusion-text fusion-text-1\" style=\"--awb-text-transform:none;\"><p>Ci siamo conosciute a Scampia, nella sartoria sociale Fatto@Scampia gestita da Fondazione citt\u00e0 nuova, durante un laboratorio chiamato \u201cNarrazioni Tessili\u201d.<br \/>\nSiamo donne diverse per et\u00e0, storie, caratteri e percorsi di vita: dai 25 anni ai 70 e pi\u00f9. Alcune di noi avevano gi\u00e0 familiarit\u00e0 con fili, stoffe, cucito e ricamo; altre si sono avvicinate a quel mondo quasi per caso, con curiosit\u00e0, timidezza o semplicemente con il desiderio di stare in uno spazio nuovo. Ognuna di noi \u00e8 un&#8217;artista in qualcosa di diverso e preciso.<br \/>\nAll\u2019inizio eravamo sedute intorno allo stesso tavolo, ma non eravamo ancora un gruppo. Avevamo davanti piccoli telai, lane, tessuti, aghi, fili, materiali da scegliere. Sembrava un laboratorio creativo. In realt\u00e0, incontro dopo incontro, \u00e8 diventato qualcosa di molto pi\u00f9 profondo: un modo per raccontarci, ascoltarci e riconoscerci.<br \/>\nAbbiamo iniziato realizzando autoritratti tessili. Ognuna ha provato a dire qualcosa di s\u00e9 attraverso colori, trame, nodi, pieni, vuoti, cuciture. Poi \u00e8 nato il lavoro pi\u00f9 grande: un arazzo collettivo di tre metri per tre, costruito mettendo insieme le nostre idee, le nostre mani e le nostre storie.<\/p>\n<\/div><div class=\"fusion-separator fusion-full-width-sep\" style=\"align-self: center;margin-left: auto;margin-right: auto;margin-top:4%;width:100%;\"><\/div><\/div><\/div><\/div><\/div><div class=\"fusion-fullwidth fullwidth-box fusion-builder-row-2 fusion-flex-container has-pattern-background has-mask-background nonhundred-percent-fullwidth non-hundred-percent-height-scrolling\" style=\"--awb-border-radius-top-left:0px;--awb-border-radius-top-right:0px;--awb-border-radius-bottom-right:0px;--awb-border-radius-bottom-left:0px;--awb-flex-wrap:wrap;\" ><div class=\"fusion-builder-row fusion-row fusion-flex-align-items-flex-start fusion-flex-content-wrap\" style=\"max-width:96.72vw;margin-left: calc(-4% \/ 2 );margin-right: calc(-4% \/ 2 );\"><div class=\"fusion-layout-column fusion_builder_column fusion-builder-column-2 fusion_builder_column_1_1 1_1 fusion-flex-column\" style=\"--awb-bg-size:cover;--awb-width-large:100%;--awb-margin-top-large:0px;--awb-spacing-right-large:1.92%;--awb-margin-bottom-large:20px;--awb-spacing-left-large:1.92%;--awb-width-medium:100%;--awb-order-medium:0;--awb-spacing-right-medium:1.92%;--awb-spacing-left-medium:1.92%;--awb-width-small:100%;--awb-order-small:0;--awb-spacing-right-small:1.92%;--awb-spacing-left-small:1.92%;\"><div class=\"fusion-column-wrapper fusion-column-has-shadow fusion-flex-justify-content-flex-start fusion-content-layout-column\"><div class=\"fusion-title title fusion-title-5 fusion-sep-none fusion-title-text fusion-title-size-six\" style=\"--awb-text-color:#000000;--awb-margin-top-small:10px;--awb-margin-right-small:0px;--awb-margin-bottom-small:10px;--awb-margin-left-small:0px;--awb-font-size:18px;\"><h6 class=\"fusion-title-heading title-heading-left fusion-responsive-typography-calculated\" style=\"font-family:&quot;Lato&quot;;font-style:normal;font-weight:400;margin:0;font-size:1em;--fontSize:18;--minFontSize:18;line-height:1.5;\">Artworks<\/h6><\/div><div class=\"fusion-woo-product-grid fusion-product-archive fusion-woo-product-grid-1\"><ul class=\"products products-4\"><li class=\"product type-product post-48367 status-publish first instock product_cat-astratto product_cat-extralarge product_cat-narrazioni-tessili has-post-thumbnail downloadable virtual product-type-simple product-grid-view\">\n\t<div class=\"fusion-product-wrapper\">\n\n<div class=\"fusion-clean-product-image-wrapper\">\n\t<div  class=\"fusion-image-wrapper fusion-image-size-fixed\" aria-haspopup=\"true\">\n\t\t\t\t\t\t\t<a href=\"https:\/\/www.arteaporte.com\/en\/product\/il-filo-che-unisce\/\" aria-label=\"Il filo che unisce\">\n\t\t\t\t\t\t\t<img decoding=\"async\" width=\"500\" height=\"500\" src=\"https:\/\/www.arteaporte.com\/wp-content\/uploads\/2026\/09\/il-filo-500x500.jpg\" class=\"attachment-woocommerce_thumbnail size-woocommerce_thumbnail lazyload wp-post-image\" alt=\"\" srcset=\"data:image\/svg+xml,%3Csvg%20xmlns%3D%27http%3A%2F%2Fwww.w3.org%2F2000%2Fsvg%27%20width%3D%27800%27%20height%3D%27800%27%20viewBox%3D%270%200%20800%20800%27%3E%3Crect%20width%3D%27800%27%20height%3D%27800%27%20fill-opacity%3D%220%22%2F%3E%3C%2Fsvg%3E\" data-orig-src=\"https:\/\/www.arteaporte.com\/wp-content\/uploads\/2026\/09\/il-filo-500x500.jpg\" data-srcset=\"https:\/\/www.arteaporte.com\/wp-content\/uploads\/2026\/09\/il-filo-12x12.jpg 12w, https:\/\/www.arteaporte.com\/wp-content\/uploads\/2026\/09\/il-filo-66x66.jpg 66w, https:\/\/www.arteaporte.com\/wp-content\/uploads\/2026\/09\/il-filo-100x100.jpg 100w, https:\/\/www.arteaporte.com\/wp-content\/uploads\/2026\/09\/il-filo-120x120.jpg 120w, https:\/\/www.arteaporte.com\/wp-content\/uploads\/2026\/09\/il-filo-150x150.jpg 150w, https:\/\/www.arteaporte.com\/wp-content\/uploads\/2026\/09\/il-filo-200x200.jpg 200w, https:\/\/www.arteaporte.com\/wp-content\/uploads\/2026\/09\/il-filo-300x300.jpg 300w, https:\/\/www.arteaporte.com\/wp-content\/uploads\/2026\/09\/il-filo-400x400.jpg 400w, https:\/\/www.arteaporte.com\/wp-content\/uploads\/2026\/09\/il-filo-500x500.jpg 500w, https:\/\/www.arteaporte.com\/wp-content\/uploads\/2026\/09\/il-filo-600x600.jpg 600w, https:\/\/www.arteaporte.com\/wp-content\/uploads\/2026\/09\/il-filo-700x700.jpg 700w, https:\/\/www.arteaporte.com\/wp-content\/uploads\/2026\/09\/il-filo-768x768.jpg 768w, https:\/\/www.arteaporte.com\/wp-content\/uploads\/2026\/09\/il-filo.jpg 800w\" data-sizes=\"auto\" data-xoowscfly=\"fly\" \/><div class=\"cart-loading\"><i class=\"awb-icon-spinner\" aria-hidden=\"true\"><\/i><\/div>\t\t\t<\/a>\n\t\t\t\t\t\t\t<\/div>\n<\/div>\n<div class=\"fusion-product-content\">\n\t<div class=\"product-details\">\n\t\t<div class=\"product-details-container\">\n<h3 class=\"product-title\">\n\t<a href=\"https:\/\/www.arteaporte.com\/en\/product\/il-filo-che-unisce\/\">\n\t\tIl filo che unisce\t<\/a>\n<\/h3>\n<div class=\"fusion-price-rating\">\n\n\t\t<\/div>\n\t<\/div>\n<\/div>\n\n\t<\/div> \n\n\n<\/div>\n<\/li>\n<\/ul><div class=\"fusion-woo-product-grid-pagination fusion-clearfix\"><\/div><\/div><\/div><\/div><\/div><\/div><\/p>","protected":false},"excerpt":{"rendered":"","protected":false},"author":7,"featured_media":48365,"menu_order":0,"comment_status":"closed","ping_status":"closed","template":"","format":"standard","meta":{"_acf_changed":false,"inline_featured_image":false,"footnotes":""},"portfolio_category":[34,429],"portfolio_skills":[],"portfolio_tags":[],"class_list":["post-48364","avada_portfolio","type-avada_portfolio","status-publish","format-standard","has-post-thumbnail","hentry","portfolio_category-artists","portfolio_category-napoli"],"acf":[],"yoast_head":"<!-- This site is optimized with the Yoast SEO plugin v27.6 - https:\/\/yoast.com\/product\/yoast-seo-wordpress\/ -->\n<title>Narrazioni Tessili | Arteaporte<\/title>\n<meta name=\"robots\" content=\"index, follow, max-snippet:-1, max-image-preview:large, max-video-preview:-1\" \/>\n<link rel=\"canonical\" href=\"https:\/\/www.arteaporte.com\/en\/artist\/narrazioni-tessili\/\" \/>\n<meta property=\"og:locale\" content=\"en_GB\" \/>\n<meta property=\"og:type\" content=\"article\" \/>\n<meta property=\"og:title\" content=\"Narrazioni Tessili | Arteaporte\" \/>\n<meta property=\"og:url\" content=\"https:\/\/www.arteaporte.com\/en\/artist\/narrazioni-tessili\/\" \/>\n<meta property=\"og:site_name\" content=\"Arteaporte\" \/>\n<meta property=\"article:publisher\" content=\"https:\/\/www.facebook.com\/artaporter.it\" \/>\n<meta property=\"article:modified_time\" content=\"2026-09-02T15:48:08+00:00\" \/>\n<meta property=\"og:image\" content=\"https:\/\/www.arteaporte.com\/wp-content\/uploads\/2026\/09\/collettivo.jpg\" \/>\n\t<meta property=\"og:image:width\" content=\"800\" \/>\n\t<meta property=\"og:image:height\" content=\"800\" \/>\n\t<meta property=\"og:image:type\" content=\"image\/jpeg\" \/>\n<meta name=\"twitter:card\" content=\"summary_large_image\" \/>\n<meta name=\"twitter:label1\" content=\"Estimated reading time\" \/>\n\t<meta name=\"twitter:data1\" content=\"2 minutes\" \/>\n<script type=\"application\/ld+json\" class=\"yoast-schema-graph\">{\"@context\":\"https:\\\/\\\/schema.org\",\"@graph\":[{\"@type\":\"WebPage\",\"@id\":\"https:\\\/\\\/www.arteaporte.com\\\/artist\\\/narrazioni-tessili\\\/\",\"url\":\"https:\\\/\\\/www.arteaporte.com\\\/artist\\\/narrazioni-tessili\\\/\",\"name\":\"Narrazioni Tessili | Arteaporte\",\"isPartOf\":{\"@id\":\"https:\\\/\\\/www.arteaporte.com\\\/#website\"},\"primaryImageOfPage\":{\"@id\":\"https:\\\/\\\/www.arteaporte.com\\\/artist\\\/narrazioni-tessili\\\/#primaryimage\"},\"image\":{\"@id\":\"https:\\\/\\\/www.arteaporte.com\\\/artist\\\/narrazioni-tessili\\\/#primaryimage\"},\"thumbnailUrl\":\"https:\\\/\\\/www.arteaporte.com\\\/wp-content\\\/uploads\\\/2026\\\/09\\\/collettivo.jpg\",\"datePublished\":\"2026-09-02T15:40:09+00:00\",\"dateModified\":\"2026-09-02T15:48:08+00:00\",\"breadcrumb\":{\"@id\":\"https:\\\/\\\/www.arteaporte.com\\\/artist\\\/narrazioni-tessili\\\/#breadcrumb\"},\"inLanguage\":\"en-GB\",\"potentialAction\":[{\"@type\":\"ReadAction\",\"target\":[\"https:\\\/\\\/www.arteaporte.com\\\/artist\\\/narrazioni-tessili\\\/\"]}]},{\"@type\":\"ImageObject\",\"inLanguage\":\"en-GB\",\"@id\":\"https:\\\/\\\/www.arteaporte.com\\\/artist\\\/narrazioni-tessili\\\/#primaryimage\",\"url\":\"https:\\\/\\\/www.arteaporte.com\\\/wp-content\\\/uploads\\\/2026\\\/09\\\/collettivo.jpg\",\"contentUrl\":\"https:\\\/\\\/www.arteaporte.com\\\/wp-content\\\/uploads\\\/2026\\\/09\\\/collettivo.jpg\",\"width\":800,\"height\":800},{\"@type\":\"BreadcrumbList\",\"@id\":\"https:\\\/\\\/www.arteaporte.com\\\/artist\\\/narrazioni-tessili\\\/#breadcrumb\",\"itemListElement\":[{\"@type\":\"ListItem\",\"position\":1,\"name\":\"Home\",\"item\":\"https:\\\/\\\/www.arteaporte.com\\\/\"},{\"@type\":\"ListItem\",\"position\":2,\"name\":\"Portfolio\",\"item\":\"https:\\\/\\\/www.arteaporte.com\\\/avada_portfolio\\\/\"},{\"@type\":\"ListItem\",\"position\":3,\"name\":\"Narrazioni Tessili\"}]},{\"@type\":\"WebSite\",\"@id\":\"https:\\\/\\\/www.arteaporte.com\\\/#website\",\"url\":\"https:\\\/\\\/www.arteaporte.com\\\/\",\"name\":\"Arteaporte\",\"description\":\"Connecting Artists, Spaces and Brands\",\"publisher\":{\"@id\":\"https:\\\/\\\/www.arteaporte.com\\\/#organization\"},\"potentialAction\":[{\"@type\":\"SearchAction\",\"target\":{\"@type\":\"EntryPoint\",\"urlTemplate\":\"https:\\\/\\\/www.arteaporte.com\\\/?s={search_term_string}\"},\"query-input\":{\"@type\":\"PropertyValueSpecification\",\"valueRequired\":true,\"valueName\":\"search_term_string\"}}],\"inLanguage\":\"en-GB\"},{\"@type\":\"Organization\",\"@id\":\"https:\\\/\\\/www.arteaporte.com\\\/#organization\",\"name\":\"Art\u00e0porter\",\"url\":\"https:\\\/\\\/www.arteaporte.com\\\/\",\"logo\":{\"@type\":\"ImageObject\",\"inLanguage\":\"en-GB\",\"@id\":\"https:\\\/\\\/www.arteaporte.com\\\/#\\\/schema\\\/logo\\\/image\\\/\",\"url\":\"https:\\\/\\\/arteaporte.com\\\/wp-content\\\/uploads\\\/2021\\\/10\\\/Artaporter-logo-normal2.jpg\",\"contentUrl\":\"https:\\\/\\\/arteaporte.com\\\/wp-content\\\/uploads\\\/2021\\\/10\\\/Artaporter-logo-normal2.jpg\",\"width\":200,\"height\":48,\"caption\":\"Art\u00e0porter\"},\"image\":{\"@id\":\"https:\\\/\\\/www.arteaporte.com\\\/#\\\/schema\\\/logo\\\/image\\\/\"},\"sameAs\":[\"https:\\\/\\\/www.facebook.com\\\/artaporter.it\",\"https:\\\/\\\/www.instagram.com\\\/art.aporter\\\/?hl=it\"]}]}<\/script>\n<!-- \/ Yoast SEO plugin. -->","yoast_head_json":{"title":"Narrazioni Tessili | Arteaporte","robots":{"index":"index","follow":"follow","max-snippet":"max-snippet:-1","max-image-preview":"max-image-preview:large","max-video-preview":"max-video-preview:-1"},"canonical":"https:\/\/www.arteaporte.com\/en\/artist\/narrazioni-tessili\/","og_locale":"en_GB","og_type":"article","og_title":"Narrazioni Tessili | Arteaporte","og_url":"https:\/\/www.arteaporte.com\/en\/artist\/narrazioni-tessili\/","og_site_name":"Arteaporte","article_publisher":"https:\/\/www.facebook.com\/artaporter.it","article_modified_time":"2026-09-02T15:48:08+00:00","og_image":[{"width":800,"height":800,"url":"https:\/\/www.arteaporte.com\/wp-content\/uploads\/2026\/09\/collettivo.jpg","type":"image\/jpeg"}],"twitter_card":"summary_large_image","twitter_misc":{"Estimated reading time":"2 minutes"},"schema":{"@context":"https:\/\/schema.org","@graph":[{"@type":"WebPage","@id":"https:\/\/www.arteaporte.com\/artist\/narrazioni-tessili\/","url":"https:\/\/www.arteaporte.com\/artist\/narrazioni-tessili\/","name":"Narrazioni Tessili | Arteaporte","isPartOf":{"@id":"https:\/\/www.arteaporte.com\/#website"},"primaryImageOfPage":{"@id":"https:\/\/www.arteaporte.com\/artist\/narrazioni-tessili\/#primaryimage"},"image":{"@id":"https:\/\/www.arteaporte.com\/artist\/narrazioni-tessili\/#primaryimage"},"thumbnailUrl":"https:\/\/www.arteaporte.com\/wp-content\/uploads\/2026\/09\/collettivo.jpg","datePublished":"2026-09-02T15:40:09+00:00","dateModified":"2026-09-02T15:48:08+00:00","breadcrumb":{"@id":"https:\/\/www.arteaporte.com\/artist\/narrazioni-tessili\/#breadcrumb"},"inLanguage":"en-GB","potentialAction":[{"@type":"ReadAction","target":["https:\/\/www.arteaporte.com\/artist\/narrazioni-tessili\/"]}]},{"@type":"ImageObject","inLanguage":"en-GB","@id":"https:\/\/www.arteaporte.com\/artist\/narrazioni-tessili\/#primaryimage","url":"https:\/\/www.arteaporte.com\/wp-content\/uploads\/2026\/09\/collettivo.jpg","contentUrl":"https:\/\/www.arteaporte.com\/wp-content\/uploads\/2026\/09\/collettivo.jpg","width":800,"height":800},{"@type":"BreadcrumbList","@id":"https:\/\/www.arteaporte.com\/artist\/narrazioni-tessili\/#breadcrumb","itemListElement":[{"@type":"ListItem","position":1,"name":"Home","item":"https:\/\/www.arteaporte.com\/"},{"@type":"ListItem","position":2,"name":"Portfolio","item":"https:\/\/www.arteaporte.com\/avada_portfolio\/"},{"@type":"ListItem","position":3,"name":"Narrazioni Tessili"}]},{"@type":"WebSite","@id":"https:\/\/www.arteaporte.com\/#website","url":"https:\/\/www.arteaporte.com\/","name":"Arteaporte","description":"Connecting Artists, Spaces and Brands","publisher":{"@id":"https:\/\/www.arteaporte.com\/#organization"},"potentialAction":[{"@type":"SearchAction","target":{"@type":"EntryPoint","urlTemplate":"https:\/\/www.arteaporte.com\/?s={search_term_string}"},"query-input":{"@type":"PropertyValueSpecification","valueRequired":true,"valueName":"search_term_string"}}],"inLanguage":"en-GB"},{"@type":"Organization","@id":"https:\/\/www.arteaporte.com\/#organization","name":"Art\u00e0porter","url":"https:\/\/www.arteaporte.com\/","logo":{"@type":"ImageObject","inLanguage":"en-GB","@id":"https:\/\/www.arteaporte.com\/#\/schema\/logo\/image\/","url":"https:\/\/arteaporte.com\/wp-content\/uploads\/2021\/10\/Artaporter-logo-normal2.jpg","contentUrl":"https:\/\/arteaporte.com\/wp-content\/uploads\/2021\/10\/Artaporter-logo-normal2.jpg","width":200,"height":48,"caption":"Art\u00e0porter"},"image":{"@id":"https:\/\/www.arteaporte.com\/#\/schema\/logo\/image\/"},"sameAs":["https:\/\/www.facebook.com\/artaporter.it","https:\/\/www.instagram.com\/art.aporter\/?hl=it"]}]}},"_links":{"self":[{"href":"https:\/\/www.arteaporte.com\/en\/wp-json\/wp\/v2\/avada_portfolio\/48364","targetHints":{"allow":["GET"]}}],"collection":[{"href":"https:\/\/www.arteaporte.com\/en\/wp-json\/wp\/v2\/avada_portfolio"}],"about":[{"href":"https:\/\/www.arteaporte.com\/en\/wp-json\/wp\/v2\/types\/avada_portfolio"}],"author":[{"embeddable":true,"href":"https:\/\/www.arteaporte.com\/en\/wp-json\/wp\/v2\/users\/7"}],"replies":[{"embeddable":true,"href":"https:\/\/www.arteaporte.com\/en\/wp-json\/wp\/v2\/comments?post=48364"}],"version-history":[{"count":2,"href":"https:\/\/www.arteaporte.com\/en\/wp-json\/wp\/v2\/avada_portfolio\/48364\/revisions"}],"predecessor-version":[{"id":48369,"href":"https:\/\/www.arteaporte.com\/en\/wp-json\/wp\/v2\/avada_portfolio\/48364\/revisions\/48369"}],"wp:featuredmedia":[{"embeddable":true,"href":"https:\/\/www.arteaporte.com\/en\/wp-json\/wp\/v2\/media\/48365"}],"wp:attachment":[{"href":"https:\/\/www.arteaporte.com\/en\/wp-json\/wp\/v2\/media?parent=48364"}],"wp:term":[{"taxonomy":"portfolio_category","embeddable":true,"href":"https:\/\/www.arteaporte.com\/en\/wp-json\/wp\/v2\/portfolio_category?post=48364"},{"taxonomy":"portfolio_skills","embeddable":true,"href":"https:\/\/www.arteaporte.com\/en\/wp-json\/wp\/v2\/portfolio_skills?post=48364"},{"taxonomy":"portfolio_tags","embeddable":true,"href":"https:\/\/www.arteaporte.com\/en\/wp-json\/wp\/v2\/portfolio_tags?post=48364"}],"curies":[{"name":"wp","href":"https:\/\/api.w.org\/{rel}","templated":true}]}}