{"id":48367,"date":"2026-09-02T17:46:43","date_gmt":"2026-09-02T15:46:43","guid":{"rendered":"https:\/\/www.arteaporte.com\/?post_type=product&#038;p=48367"},"modified":"2026-09-02T17:46:43","modified_gmt":"2026-09-02T15:46:43","slug":"il-filo-che-unisce","status":"publish","type":"product","link":"https:\/\/www.arteaporte.com\/en\/product\/il-filo-che-unisce\/","title":{"rendered":"Il filo che unisce"},"content":{"rendered":"<p>Una volta effettuato l\u2019acquisto, sarai messo in contatto con il nostro staff per definire la modalit\u00e0 di consegna.<br \/>\nSe hai necessit\u00e0 specifiche, puoi contattare il team di Art\u00e0porter: <a href=\"mailto:info@artaporter.it\">info@artaporter.it<\/a><\/p>","protected":false},"excerpt":{"rendered":"<p><a href=\"https:\/\/www.arteaporte.com\/avada_portfolio\/narrazioni-tessili\/\">Narrazioni Tessili<\/a><\/p>\n<p>&nbsp;<\/p>\n<p>Tecnica: Cucito, uncinetto e ricamo<\/p>\n<p>Anno: 2025<\/p>\n<p>Dimensione: 3 m x 3 m<\/p>\n<p>Descrizione: La nostra opera \u00e8 un arazzo collettivo di tre metri per tre, costruito mettendo insieme le nostre idee, le nostre mani e le nostre storie. A guidarci, idealmente, nella costruzione dell&#8217;opera c\u2019era Maria Lai. La sua opera ci ha insegnato che un filo non serve soltanto a cucire: pu\u00f2 unire, attraversare distanze, creare legami. Come in \u201cLegarsi alla montagna\u201d, anche noi abbiamo scoperto che il gesto semplice del legare pu\u00f2 diventare un gesto potente: legare una stoffa a un\u2019altra, una voce a un\u2019altra, una generazione a un\u2019altra, una vita a un\u2019altra.<br \/>\nNel nostro arazzo abbiamo disegnato quattro alberi che si incontrano al centro, intrecciando le chiome. Col tempo quell\u2019immagine \u00e8 diventata anche la nostra: radici differenti, et\u00e0 differenti, esperienze differenti, ma uno spazio comune in cui crescere insieme. Su queste chiome poggiano quattro case che si sfiorano con le loro sagome, queste case custodiscono tutto quello che portiamo dentro e che abbiamo vissuto e voluto condividere con le altre.<br \/>\nOpera ricamata, cucita e con innesti di uncinetto ed altre tecniche che si intrecciano in una trama di colori e tessuti diversi. Ogni punto \u00e8 diventato una presenza. Ogni errore, una possibilit\u00e0. Ogni pausa, una conversazione. Questo arazzo \u00e8 diventato il simbolo del nostro legame. Niente e nessuno \u00e8 da buttare, tutto pu\u00f2 avere una seconda vita, una seconda possibilit\u00e0.<\/p>\n<div id=\":2va\" class=\"ii gt adO\">\n<div id=\":2vb\" class=\"a3s aiL\">\n<div id=\"avWBGd-3444\">\n<div><\/div>\n<\/div>\n<\/div>\n<\/div>","protected":false},"featured_media":48368,"template":"","meta":{"_acf_changed":false,"inline_featured_image":false},"product_brand":[],"product_cat":[443,201,3589],"product_tag":[],"class_list":["post-48367","product","type-product","status-publish","has-post-thumbnail","product_cat-astratto","product_cat-extralarge","product_cat-narrazioni-tessili","first","instock","downloadable","virtual","product-type-simple"],"acf":[],"yoast_head":"<!-- This site is optimized with the Yoast SEO plugin v27.6 - https:\/\/yoast.com\/product\/yoast-seo-wordpress\/ -->\n<title>Il filo che unisce | Arteaporte<\/title>\n<meta name=\"robots\" content=\"index, follow, max-snippet:-1, max-image-preview:large, max-video-preview:-1\" \/>\n<link rel=\"canonical\" href=\"https:\/\/www.arteaporte.com\/en\/product\/il-filo-che-unisce\/\" \/>\n<meta property=\"og:locale\" content=\"en_GB\" \/>\n<meta property=\"og:type\" content=\"article\" \/>\n<meta property=\"og:title\" content=\"Il filo che unisce | Arteaporte\" \/>\n<meta property=\"og:description\" content=\"Narrazioni Tessili  &nbsp;  Tecnica: Cucito, uncinetto e ricamo  Anno: 2025  Dimensione: 3 m x 3 m  Descrizione: La nostra opera \u00e8 un arazzo collettivo di tre metri per tre, costruito mettendo insieme le nostre idee, le nostre mani e le nostre storie. A guidarci, idealmente, nella costruzione dell&#039;opera c\u2019era Maria Lai. La sua opera ci ha insegnato che un filo non serve soltanto a cucire: pu\u00f2 unire, attraversare distanze, creare legami. Come in \u201cLegarsi alla montagna\u201d, anche noi abbiamo scoperto che il gesto semplice del legare pu\u00f2 diventare un gesto potente: legare una stoffa a un\u2019altra, una voce a un\u2019altra, una generazione a un\u2019altra, una vita a un\u2019altra. Nel nostro arazzo abbiamo disegnato quattro alberi che si incontrano al centro, intrecciando le chiome. Col tempo quell\u2019immagine \u00e8 diventata anche la nostra: radici differenti, et\u00e0 differenti, esperienze differenti, ma uno spazio comune in cui crescere insieme. Su queste chiome poggiano quattro case che si sfiorano con le loro sagome, queste case custodiscono tutto quello che portiamo dentro e che abbiamo vissuto e voluto condividere con le altre. Opera ricamata, cucita e con innesti di uncinetto ed altre tecniche che si intrecciano in una trama di colori e tessuti diversi. Ogni punto \u00e8 diventato una presenza. Ogni errore, una possibilit\u00e0. Ogni pausa, una conversazione. Questo arazzo \u00e8 diventato il simbolo del nostro legame. Niente e nessuno \u00e8 da buttare, tutto pu\u00f2 avere una seconda vita, una seconda possibilit\u00e0.\" \/>\n<meta property=\"og:url\" content=\"https:\/\/www.arteaporte.com\/en\/product\/il-filo-che-unisce\/\" \/>\n<meta property=\"og:site_name\" content=\"Arteaporte\" \/>\n<meta property=\"article:publisher\" content=\"https:\/\/www.facebook.com\/artaporter.it\" \/>\n<meta property=\"og:image\" content=\"https:\/\/www.arteaporte.com\/wp-content\/uploads\/2026\/09\/il-filo.jpg\" \/>\n\t<meta property=\"og:image:width\" content=\"800\" \/>\n\t<meta property=\"og:image:height\" content=\"800\" \/>\n\t<meta property=\"og:image:type\" content=\"image\/jpeg\" \/>\n<meta name=\"twitter:card\" content=\"summary_large_image\" \/>\n<meta name=\"twitter:label1\" content=\"Estimated reading time\" \/>\n\t<meta name=\"twitter:data1\" content=\"1 minute\" \/>\n<script type=\"application\/ld+json\" class=\"yoast-schema-graph\">{\"@context\":\"https:\\\/\\\/schema.org\",\"@graph\":[{\"@type\":\"WebPage\",\"@id\":\"https:\\\/\\\/www.arteaporte.com\\\/prodotto\\\/il-filo-che-unisce\\\/\",\"url\":\"https:\\\/\\\/www.arteaporte.com\\\/prodotto\\\/il-filo-che-unisce\\\/\",\"name\":\"Il filo che unisce | Arteaporte\",\"isPartOf\":{\"@id\":\"https:\\\/\\\/www.arteaporte.com\\\/#website\"},\"primaryImageOfPage\":{\"@id\":\"https:\\\/\\\/www.arteaporte.com\\\/prodotto\\\/il-filo-che-unisce\\\/#primaryimage\"},\"image\":{\"@id\":\"https:\\\/\\\/www.arteaporte.com\\\/prodotto\\\/il-filo-che-unisce\\\/#primaryimage\"},\"thumbnailUrl\":\"https:\\\/\\\/www.arteaporte.com\\\/wp-content\\\/uploads\\\/2026\\\/09\\\/il-filo.jpg\",\"datePublished\":\"2026-09-02T15:46:43+00:00\",\"breadcrumb\":{\"@id\":\"https:\\\/\\\/www.arteaporte.com\\\/prodotto\\\/il-filo-che-unisce\\\/#breadcrumb\"},\"inLanguage\":\"en-GB\",\"potentialAction\":[{\"@type\":\"ReadAction\",\"target\":[\"https:\\\/\\\/www.arteaporte.com\\\/prodotto\\\/il-filo-che-unisce\\\/\"]}]},{\"@type\":\"ImageObject\",\"inLanguage\":\"en-GB\",\"@id\":\"https:\\\/\\\/www.arteaporte.com\\\/prodotto\\\/il-filo-che-unisce\\\/#primaryimage\",\"url\":\"https:\\\/\\\/www.arteaporte.com\\\/wp-content\\\/uploads\\\/2026\\\/09\\\/il-filo.jpg\",\"contentUrl\":\"https:\\\/\\\/www.arteaporte.com\\\/wp-content\\\/uploads\\\/2026\\\/09\\\/il-filo.jpg\",\"width\":800,\"height\":800},{\"@type\":\"BreadcrumbList\",\"@id\":\"https:\\\/\\\/www.arteaporte.com\\\/prodotto\\\/il-filo-che-unisce\\\/#breadcrumb\",\"itemListElement\":[{\"@type\":\"ListItem\",\"position\":1,\"name\":\"Home\",\"item\":\"https:\\\/\\\/www.arteaporte.com\\\/\"},{\"@type\":\"ListItem\",\"position\":2,\"name\":\"Opere\",\"item\":\"https:\\\/\\\/www.arteaporte.com\\\/opere\\\/\"},{\"@type\":\"ListItem\",\"position\":3,\"name\":\"Il filo che unisce\"}]},{\"@type\":\"WebSite\",\"@id\":\"https:\\\/\\\/www.arteaporte.com\\\/#website\",\"url\":\"https:\\\/\\\/www.arteaporte.com\\\/\",\"name\":\"Arteaporte\",\"description\":\"Connecting Artists, Spaces and Brands\",\"publisher\":{\"@id\":\"https:\\\/\\\/www.arteaporte.com\\\/#organization\"},\"potentialAction\":[{\"@type\":\"SearchAction\",\"target\":{\"@type\":\"EntryPoint\",\"urlTemplate\":\"https:\\\/\\\/www.arteaporte.com\\\/?s={search_term_string}\"},\"query-input\":{\"@type\":\"PropertyValueSpecification\",\"valueRequired\":true,\"valueName\":\"search_term_string\"}}],\"inLanguage\":\"en-GB\"},{\"@type\":\"Organization\",\"@id\":\"https:\\\/\\\/www.arteaporte.com\\\/#organization\",\"name\":\"Art\u00e0porter\",\"url\":\"https:\\\/\\\/www.arteaporte.com\\\/\",\"logo\":{\"@type\":\"ImageObject\",\"inLanguage\":\"en-GB\",\"@id\":\"https:\\\/\\\/www.arteaporte.com\\\/#\\\/schema\\\/logo\\\/image\\\/\",\"url\":\"https:\\\/\\\/arteaporte.com\\\/wp-content\\\/uploads\\\/2021\\\/10\\\/Artaporter-logo-normal2.jpg\",\"contentUrl\":\"https:\\\/\\\/arteaporte.com\\\/wp-content\\\/uploads\\\/2021\\\/10\\\/Artaporter-logo-normal2.jpg\",\"width\":200,\"height\":48,\"caption\":\"Art\u00e0porter\"},\"image\":{\"@id\":\"https:\\\/\\\/www.arteaporte.com\\\/#\\\/schema\\\/logo\\\/image\\\/\"},\"sameAs\":[\"https:\\\/\\\/www.facebook.com\\\/artaporter.it\",\"https:\\\/\\\/www.instagram.com\\\/art.aporter\\\/?hl=it\"]}]}<\/script>\n<!-- \/ Yoast SEO plugin. -->","yoast_head_json":{"title":"Il filo che unisce | Arteaporte","robots":{"index":"index","follow":"follow","max-snippet":"max-snippet:-1","max-image-preview":"max-image-preview:large","max-video-preview":"max-video-preview:-1"},"canonical":"https:\/\/www.arteaporte.com\/en\/product\/il-filo-che-unisce\/","og_locale":"en_GB","og_type":"article","og_title":"Il filo che unisce | Arteaporte","og_description":"Narrazioni Tessili  &nbsp;  Tecnica: Cucito, uncinetto e ricamo  Anno: 2025  Dimensione: 3 m x 3 m  Descrizione: La nostra opera \u00e8 un arazzo collettivo di tre metri per tre, costruito mettendo insieme le nostre idee, le nostre mani e le nostre storie. A guidarci, idealmente, nella costruzione dell'opera c\u2019era Maria Lai. La sua opera ci ha insegnato che un filo non serve soltanto a cucire: pu\u00f2 unire, attraversare distanze, creare legami. Come in \u201cLegarsi alla montagna\u201d, anche noi abbiamo scoperto che il gesto semplice del legare pu\u00f2 diventare un gesto potente: legare una stoffa a un\u2019altra, una voce a un\u2019altra, una generazione a un\u2019altra, una vita a un\u2019altra. Nel nostro arazzo abbiamo disegnato quattro alberi che si incontrano al centro, intrecciando le chiome. Col tempo quell\u2019immagine \u00e8 diventata anche la nostra: radici differenti, et\u00e0 differenti, esperienze differenti, ma uno spazio comune in cui crescere insieme. Su queste chiome poggiano quattro case che si sfiorano con le loro sagome, queste case custodiscono tutto quello che portiamo dentro e che abbiamo vissuto e voluto condividere con le altre. Opera ricamata, cucita e con innesti di uncinetto ed altre tecniche che si intrecciano in una trama di colori e tessuti diversi. Ogni punto \u00e8 diventato una presenza. Ogni errore, una possibilit\u00e0. Ogni pausa, una conversazione. Questo arazzo \u00e8 diventato il simbolo del nostro legame. Niente e nessuno \u00e8 da buttare, tutto pu\u00f2 avere una seconda vita, una seconda possibilit\u00e0.","og_url":"https:\/\/www.arteaporte.com\/en\/product\/il-filo-che-unisce\/","og_site_name":"Arteaporte","article_publisher":"https:\/\/www.facebook.com\/artaporter.it","og_image":[{"width":800,"height":800,"url":"https:\/\/www.arteaporte.com\/wp-content\/uploads\/2026\/09\/il-filo.jpg","type":"image\/jpeg"}],"twitter_card":"summary_large_image","twitter_misc":{"Estimated reading time":"1 minute"},"schema":{"@context":"https:\/\/schema.org","@graph":[{"@type":"WebPage","@id":"https:\/\/www.arteaporte.com\/prodotto\/il-filo-che-unisce\/","url":"https:\/\/www.arteaporte.com\/prodotto\/il-filo-che-unisce\/","name":"Il filo che unisce | Arteaporte","isPartOf":{"@id":"https:\/\/www.arteaporte.com\/#website"},"primaryImageOfPage":{"@id":"https:\/\/www.arteaporte.com\/prodotto\/il-filo-che-unisce\/#primaryimage"},"image":{"@id":"https:\/\/www.arteaporte.com\/prodotto\/il-filo-che-unisce\/#primaryimage"},"thumbnailUrl":"https:\/\/www.arteaporte.com\/wp-content\/uploads\/2026\/09\/il-filo.jpg","datePublished":"2026-09-02T15:46:43+00:00","breadcrumb":{"@id":"https:\/\/www.arteaporte.com\/prodotto\/il-filo-che-unisce\/#breadcrumb"},"inLanguage":"en-GB","potentialAction":[{"@type":"ReadAction","target":["https:\/\/www.arteaporte.com\/prodotto\/il-filo-che-unisce\/"]}]},{"@type":"ImageObject","inLanguage":"en-GB","@id":"https:\/\/www.arteaporte.com\/prodotto\/il-filo-che-unisce\/#primaryimage","url":"https:\/\/www.arteaporte.com\/wp-content\/uploads\/2026\/09\/il-filo.jpg","contentUrl":"https:\/\/www.arteaporte.com\/wp-content\/uploads\/2026\/09\/il-filo.jpg","width":800,"height":800},{"@type":"BreadcrumbList","@id":"https:\/\/www.arteaporte.com\/prodotto\/il-filo-che-unisce\/#breadcrumb","itemListElement":[{"@type":"ListItem","position":1,"name":"Home","item":"https:\/\/www.arteaporte.com\/"},{"@type":"ListItem","position":2,"name":"Opere","item":"https:\/\/www.arteaporte.com\/opere\/"},{"@type":"ListItem","position":3,"name":"Il filo che unisce"}]},{"@type":"WebSite","@id":"https:\/\/www.arteaporte.com\/#website","url":"https:\/\/www.arteaporte.com\/","name":"Arteaporte","description":"Connecting Artists, Spaces and Brands","publisher":{"@id":"https:\/\/www.arteaporte.com\/#organization"},"potentialAction":[{"@type":"SearchAction","target":{"@type":"EntryPoint","urlTemplate":"https:\/\/www.arteaporte.com\/?s={search_term_string}"},"query-input":{"@type":"PropertyValueSpecification","valueRequired":true,"valueName":"search_term_string"}}],"inLanguage":"en-GB"},{"@type":"Organization","@id":"https:\/\/www.arteaporte.com\/#organization","name":"Art\u00e0porter","url":"https:\/\/www.arteaporte.com\/","logo":{"@type":"ImageObject","inLanguage":"en-GB","@id":"https:\/\/www.arteaporte.com\/#\/schema\/logo\/image\/","url":"https:\/\/arteaporte.com\/wp-content\/uploads\/2021\/10\/Artaporter-logo-normal2.jpg","contentUrl":"https:\/\/arteaporte.com\/wp-content\/uploads\/2021\/10\/Artaporter-logo-normal2.jpg","width":200,"height":48,"caption":"Art\u00e0porter"},"image":{"@id":"https:\/\/www.arteaporte.com\/#\/schema\/logo\/image\/"},"sameAs":["https:\/\/www.facebook.com\/artaporter.it","https:\/\/www.instagram.com\/art.aporter\/?hl=it"]}]}},"_links":{"self":[{"href":"https:\/\/www.arteaporte.com\/en\/wp-json\/wp\/v2\/product\/48367","targetHints":{"allow":["GET"]}}],"collection":[{"href":"https:\/\/www.arteaporte.com\/en\/wp-json\/wp\/v2\/product"}],"about":[{"href":"https:\/\/www.arteaporte.com\/en\/wp-json\/wp\/v2\/types\/product"}],"wp:featuredmedia":[{"embeddable":true,"href":"https:\/\/www.arteaporte.com\/en\/wp-json\/wp\/v2\/media\/48368"}],"wp:attachment":[{"href":"https:\/\/www.arteaporte.com\/en\/wp-json\/wp\/v2\/media?parent=48367"}],"wp:term":[{"taxonomy":"product_brand","embeddable":true,"href":"https:\/\/www.arteaporte.com\/en\/wp-json\/wp\/v2\/product_brand?post=48367"},{"taxonomy":"product_cat","embeddable":true,"href":"https:\/\/www.arteaporte.com\/en\/wp-json\/wp\/v2\/product_cat?post=48367"},{"taxonomy":"product_tag","embeddable":true,"href":"https:\/\/www.arteaporte.com\/en\/wp-json\/wp\/v2\/product_tag?post=48367"}],"curies":[{"name":"wp","href":"https:\/\/api.w.org\/{rel}","templated":true}]}}